{"id":1516,"date":"2019-12-31T12:28:10","date_gmt":"2019-12-31T11:28:10","guid":{"rendered":"https:\/\/julesdelightfulsimplicity.com\/carnets-de-voyage\/europe\/espagne\/nord-espagne\/"},"modified":"2020-12-22T16:14:07","modified_gmt":"2020-12-22T15:14:07","slug":"nord-espagne","status":"publish","type":"page","link":"https:\/\/julesdelightfulsimplicity.com\/fr\/carnets-de-voyage\/europe\/espagne\/nord-espagne\/","title":{"rendered":"Nord de l&#8217;Espagne"},"content":{"rendered":"\n<h1 class=\"has-text-align-center wp-block-heading\">Nord de l&#8217;Espagne<\/h1>\n\t<div class=\"cnvs-block-section cnvs-block-section-1608582769301 cnvs-block-section-layout-full cnvs-block-section-fullwidth\" >\n\t\t<div class=\"cnvs-block-section-outer\" style=\"\">\n\t\t\t<div class=\"cnvs-block-section-inner\">\n\t\t\t\t\n\n<div class=\"cnvs-block-section-content cnvs-block-section-content-1608582789277\" >\n\t<div class=\"cnvs-block-section-content-inner\">\n\t\t\n\r\n<div class=\"cs-block-archive-posts cnvs-block-posts-1608582795945\" data-layout=\"grid\">\r\n\r\n\t<div class=\"post-archive\" data-archive-data=\"\">\r\n\t\t<div class=\"archive-main archive-grid columns-3\">\r\n<article class=\"post-grid post-2647 post type-post status-publish format-standard has-post-thumbnail category-carnets-de-voyage category-espagne category-europe category-nord-de-lespagne tag-atlantique tag-cote tag-cote-atlantique tag-cote-atlantique-fr tag-donostia-fr tag-ete tag-ete-2018 tag-excursion-fr tag-getaria-fr tag-pays-basque tag-san-sebastian-fr-2 tag-san-sebastian-fr tag-surf-fr tag-village-fr tag-village-de-peche tag-zarautz-fr\">\r\n\r\n\t<div class=\"post-outer\">\r\n\r\n\t\t\r\n\t\t\t\t\t<div class=\"post-inner\">\r\n\t\t\t\t<div class=\"post-thumbnail\">\r\n\t\t\t\t\t\r\n\t\t\t\t\t<img loading=\"lazy\" decoding=\"async\" width=\"560\" height=\"420\" src=\"https:\/\/julesdelightfulsimplicity.com\/wp-content\/uploads\/2020\/12\/Flysh-im-Meer-560x420.jpg\" class=\"attachment-csco-560 size-csco-560 wp-post-image\" alt=\"Flysh dans la mer\" srcset=\"https:\/\/julesdelightfulsimplicity.com\/wp-content\/uploads\/2020\/12\/Flysh-im-Meer-560x420.jpg 560w, https:\/\/julesdelightfulsimplicity.com\/wp-content\/uploads\/2020\/12\/Flysh-im-Meer-800x600.jpg 800w, https:\/\/julesdelightfulsimplicity.com\/wp-content\/uploads\/2020\/12\/Flysh-im-Meer-1160x870.jpg 1160w, https:\/\/julesdelightfulsimplicity.com\/wp-content\/uploads\/2020\/12\/Flysh-im-Meer-320x240.jpg 320w, https:\/\/julesdelightfulsimplicity.com\/wp-content\/uploads\/2020\/12\/Flysh-im-Meer-1536x1153.jpg 1536w, https:\/\/julesdelightfulsimplicity.com\/wp-content\/uploads\/2020\/12\/Flysh-im-Meer-300x225.jpg 300w, https:\/\/julesdelightfulsimplicity.com\/wp-content\/uploads\/2020\/12\/Flysh-im-Meer-120x90.jpg 120w, https:\/\/julesdelightfulsimplicity.com\/wp-content\/uploads\/2020\/12\/Flysh-im-Meer-90x68.jpg 90w, https:\/\/julesdelightfulsimplicity.com\/wp-content\/uploads\/2020\/12\/Flysh-im-Meer.jpg 1920w\" sizes=\"auto, (max-width: 560px) 100vw, 560px\" \/>\r\n\t\t\t\t\t\t\t\t\t\t\t<div class=\"post-more\">\r\n\t\t\t\t\t\t\t<a href=\"https:\/\/julesdelightfulsimplicity.com\/fr\/carnets-de-voyage\/europe\/espagne\/zarautz-getaria-zumaia\/\" class=\"button-link\">\r\n\t\t\t\t\t\t\t\t<span>Lire l&#039;Article<\/span>\r\n\t\t\t\t\t\t\t<\/a>\r\n\t\t\t\t\t\t<\/div>\r\n\t\t\t\t\t\t\r\n\t\t\t\t\t<ul class=\"post-meta\"><\/ul>\r\n\t\t\t\t\t<a href=\"https:\/\/julesdelightfulsimplicity.com\/fr\/carnets-de-voyage\/europe\/espagne\/zarautz-getaria-zumaia\/\"><\/a>\r\n\t\t\t\t<\/div>\r\n\t\t\t<\/div>\r\n\t\t\r\n\t\t<div class=\"post-inner\">\r\n\r\n\t\t\t\r\n\t\t\t<header class=\"entry-header\">\r\n\t\t\t\t<div class=\"meta-category\"><ul class=\"post-categories\">\n\t<li><a href=\"https:\/\/julesdelightfulsimplicity.com\/fr\/category\/carnets-de-voyage\/\" rel=\"category tag\">Carnets de voyage<\/a><\/li>\n\t<li><a href=\"https:\/\/julesdelightfulsimplicity.com\/fr\/category\/carnets-de-voyage\/europe\/espagne\/\" rel=\"category tag\">Espagne<\/a><\/li>\n\t<li><a href=\"https:\/\/julesdelightfulsimplicity.com\/fr\/category\/carnets-de-voyage\/europe\/\" rel=\"category tag\">Europe<\/a><\/li>\n\t<li><a href=\"https:\/\/julesdelightfulsimplicity.com\/fr\/category\/nord-de-lespagne\/\" rel=\"category tag\">Nord de l&#8217;Espagne<\/a><\/li><\/ul><\/div>\r\n\t\t\t\t<h2 class=\"entry-title\"><a href=\"https:\/\/julesdelightfulsimplicity.com\/fr\/carnets-de-voyage\/europe\/espagne\/zarautz-getaria-zumaia\/\">Zarautz, Getaria &#038; Zumaia \u2013 Une m\u00e9lodie basque<\/a><\/h2>\r\n\r\n\t\t\t\t<ul class=\"post-meta\"><li class=\"meta-author\"><span class=\"author\"><a class=\"url fn n\" href=\"https:\/\/julesdelightfulsimplicity.com\/fr\/author\/j15w\/\" title=\"View all posts by Julia\">Julia<\/a><\/span><\/li><li class=\"meta-date\"><a href=\"https:\/\/julesdelightfulsimplicity.com\/fr\/carnets-de-voyage\/europe\/espagne\/zarautz-getaria-zumaia\/\" rel=\"bookmark\">25 janvier 2021<\/a><\/li><\/ul>\t\t\t<\/header>\r\n\r\n\t\t\t\r\n\t\t\t\t\t\t\t\t\t\t<div class=\"post-excerpt\">\r\n\t\t\t\t\t\t\t\tApr\u00e8s la premi\u00e8re journ\u00e9e exaltante \u00e0 San Sebasti\u00e1n, j&#039;\u00e9tais d\u00e9j\u00e0 attir\u00e9 par les petits villages environnants, pas tout \u00e0 fait inconnus. Apr\u00e8s un autre petit d\u00e9jeuner de caf\u00e9 et de croissant \u00e0 Bideluze, je suis mont\u00e9 dans le bus en direction du paradis des surfeurs de Zarautz. D\u00e9j\u00e0 la route \u00e0 travers les villages, sur les collines et les innombrables courbes dans le vert de la campagne&hellip;\t\t\t\t\t\t\t<\/div>\r\n\t\t\t\t\t\t\t\t\t\t\t\t\t<div class=\"post-more\">\r\n\t\t\t\t\t\t\t\t<div class=\"wp-block-button\">\r\n\t\t<a class=\"wp-block-button__link  button-effect\" href=\"https:\/\/julesdelightfulsimplicity.com\/fr\/carnets-de-voyage\/europe\/espagne\/zarautz-getaria-zumaia\/\" target=\"\">\r\n\t\t\t<span>Lire l&#039;Article<\/span>\r\n\t\t\t<span><i class=\"cs-icon cs-icon-arrow-right\"><\/i><\/span>\r\n\t\t<\/a>\r\n\t<\/div>\r\n\t\t\t\t\t\t\t<\/div>\r\n\t\t\t\t\t\t\r\n\t\t<\/div>\r\n\r\n\t\t\r\n\t<\/div>\r\n\r\n<\/article>\r\n\r\n<article class=\"post-grid post-2641 post type-post status-publish format-standard has-post-thumbnail category-carnets-de-voyage category-espagne category-europe category-nord-de-lespagne category-voyages-en-ville tag-2018-fr tag-art-nouveau-fr tag-art-nouveau-fr-2 tag-atari-fr tag-bideluze-fr tag-bilbao-fr tag-bodega-donostiarra-fr tag-borda-berri-fr tag-cafe-fr tag-concha-fr tag-donostia-fr tag-espagne tag-ete-2018 tag-funicular-fr tag-garibai-fr tag-gaztelugatxe-fr tag-gros-fr tag-hotel-fr tag-kursaal-fr tag-loaf-fr tag-miramar-fr tag-monte-igueldo-fr tag-monte-ulia-fr tag-monte-urgull-fr tag-palacio-miramar-fr tag-paseo-maritimo-fr tag-pays-basque tag-peine-del-viento-fr tag-plage-fr tag-restaurant-fr tag-roadtrip-fr tag-san-sebastian-fr tag-san-sebastian-fr-2 tag-shopping-fr tag-surf-fr tag-vieille-ville-fr tag-vieille-ville tag-weekend-fr tag-zarautz-fr tag-zumaia-fr tag-zurriola-fr\">\r\n\r\n\t<div class=\"post-outer\">\r\n\r\n\t\t\r\n\t\t\t\t\t<div class=\"post-inner\">\r\n\t\t\t\t<div class=\"post-thumbnail\">\r\n\t\t\t\t\t\r\n\t\t\t\t\t<img loading=\"lazy\" decoding=\"async\" width=\"560\" height=\"420\" src=\"https:\/\/julesdelightfulsimplicity.com\/wp-content\/uploads\/2020\/12\/Strand-bei-Nacht-560x420.jpg\" class=\"attachment-csco-560 size-csco-560 wp-post-image\" alt=\"Plage de nuit\" srcset=\"https:\/\/julesdelightfulsimplicity.com\/wp-content\/uploads\/2020\/12\/Strand-bei-Nacht-560x420.jpg 560w, https:\/\/julesdelightfulsimplicity.com\/wp-content\/uploads\/2020\/12\/Strand-bei-Nacht-800x600.jpg 800w, https:\/\/julesdelightfulsimplicity.com\/wp-content\/uploads\/2020\/12\/Strand-bei-Nacht-1160x870.jpg 1160w, https:\/\/julesdelightfulsimplicity.com\/wp-content\/uploads\/2020\/12\/Strand-bei-Nacht-320x240.jpg 320w, https:\/\/julesdelightfulsimplicity.com\/wp-content\/uploads\/2020\/12\/Strand-bei-Nacht-1536x1153.jpg 1536w, https:\/\/julesdelightfulsimplicity.com\/wp-content\/uploads\/2020\/12\/Strand-bei-Nacht-300x225.jpg 300w, https:\/\/julesdelightfulsimplicity.com\/wp-content\/uploads\/2020\/12\/Strand-bei-Nacht-120x90.jpg 120w, https:\/\/julesdelightfulsimplicity.com\/wp-content\/uploads\/2020\/12\/Strand-bei-Nacht-90x68.jpg 90w, https:\/\/julesdelightfulsimplicity.com\/wp-content\/uploads\/2020\/12\/Strand-bei-Nacht.jpg 1920w\" sizes=\"auto, (max-width: 560px) 100vw, 560px\" \/>\r\n\t\t\t\t\t\t\t\t\t\t\t<div class=\"post-more\">\r\n\t\t\t\t\t\t\t<a href=\"https:\/\/julesdelightfulsimplicity.com\/fr\/carnets-de-voyage\/europe\/espagne\/conseils-long-weekend-san-sebastian\/\" class=\"button-link\">\r\n\t\t\t\t\t\t\t\t<span>Lire l&#039;Article<\/span>\r\n\t\t\t\t\t\t\t<\/a>\r\n\t\t\t\t\t\t<\/div>\r\n\t\t\t\t\t\t\r\n\t\t\t\t\t<ul class=\"post-meta\"><\/ul>\r\n\t\t\t\t\t<a href=\"https:\/\/julesdelightfulsimplicity.com\/fr\/carnets-de-voyage\/europe\/espagne\/conseils-long-weekend-san-sebastian\/\"><\/a>\r\n\t\t\t\t<\/div>\r\n\t\t\t<\/div>\r\n\t\t\r\n\t\t<div class=\"post-inner\">\r\n\r\n\t\t\t\r\n\t\t\t<header class=\"entry-header\">\r\n\t\t\t\t<div class=\"meta-category\"><ul class=\"post-categories\">\n\t<li><a href=\"https:\/\/julesdelightfulsimplicity.com\/fr\/category\/carnets-de-voyage\/\" rel=\"category tag\">Carnets de voyage<\/a><\/li>\n\t<li><a href=\"https:\/\/julesdelightfulsimplicity.com\/fr\/category\/carnets-de-voyage\/europe\/espagne\/\" rel=\"category tag\">Espagne<\/a><\/li>\n\t<li><a href=\"https:\/\/julesdelightfulsimplicity.com\/fr\/category\/carnets-de-voyage\/europe\/\" rel=\"category tag\">Europe<\/a><\/li>\n\t<li><a href=\"https:\/\/julesdelightfulsimplicity.com\/fr\/category\/nord-de-lespagne\/\" rel=\"category tag\">Nord de l&#8217;Espagne<\/a><\/li>\n\t<li><a href=\"https:\/\/julesdelightfulsimplicity.com\/fr\/category\/voyages-en-ville\/\" rel=\"category tag\">Voyages en ville<\/a><\/li><\/ul><\/div>\r\n\t\t\t\t<h2 class=\"entry-title\"><a href=\"https:\/\/julesdelightfulsimplicity.com\/fr\/carnets-de-voyage\/europe\/espagne\/conseils-long-weekend-san-sebastian\/\">Conseils pour un long week-end \u00e0 San Sebasti\u00e1n<\/a><\/h2>\r\n\r\n\t\t\t\t<ul class=\"post-meta\"><li class=\"meta-author\"><span class=\"author\"><a class=\"url fn n\" href=\"https:\/\/julesdelightfulsimplicity.com\/fr\/author\/j15w\/\" title=\"View all posts by Julia\">Julia<\/a><\/span><\/li><li class=\"meta-date\"><a href=\"https:\/\/julesdelightfulsimplicity.com\/fr\/carnets-de-voyage\/europe\/espagne\/conseils-long-weekend-san-sebastian\/\" rel=\"bookmark\">25 janvier 2021<\/a><\/li><\/ul>\t\t\t<\/header>\r\n\r\n\t\t\t\r\n\t\t\t\t\t\t\t\t\t\t<div class=\"post-excerpt\">\r\n\t\t\t\t\t\t\t\tSan Sebasti\u00e1n a \u00e9t\u00e9 pour moi le coup de foudre. La ville vous fait imm\u00e9diatement vous sentir chez vous et \u00e0 l&#039;aise. Pour que vous aussi puissiez conna\u00eetre et aimer cet endroit merveilleux, voici mes conseils clairement dispos\u00e9s en un coup d&#039;\u0153il.\t\t\t\t\t\t\t<\/div>\r\n\t\t\t\t\t\t\t\t\t\t\t\t\t<div class=\"post-more\">\r\n\t\t\t\t\t\t\t\t<div class=\"wp-block-button\">\r\n\t\t<a class=\"wp-block-button__link  button-effect\" href=\"https:\/\/julesdelightfulsimplicity.com\/fr\/carnets-de-voyage\/europe\/espagne\/conseils-long-weekend-san-sebastian\/\" target=\"\">\r\n\t\t\t<span>Lire l&#039;Article<\/span>\r\n\t\t\t<span><i class=\"cs-icon cs-icon-arrow-right\"><\/i><\/span>\r\n\t\t<\/a>\r\n\t<\/div>\r\n\t\t\t\t\t\t\t<\/div>\r\n\t\t\t\t\t\t\r\n\t\t<\/div>\r\n\r\n\t\t\r\n\t<\/div>\r\n\r\n<\/article>\r\n\r\n<article class=\"post-grid post-2547 post type-post status-publish format-standard has-post-thumbnail category-carnets-de-voyage category-espagne category-europe category-nord-de-lespagne category-voyages-en-ville tag-2018-fr tag-alderdi-eder-fr tag-donostia-fr tag-ete-2018 tag-gros-fr tag-guipuzcoa-fr tag-la-concha-fr tag-la-zurriola-fr tag-miramar-fr tag-monte-igueldo-fr tag-ondarreta-fr tag-palacio-miramar-fr tag-pays-basque tag-pintxos-fr tag-plage tag-san-sebastian-fr-2 tag-san-sebastian-fr tag-surf-fr\">\r\n\r\n\t<div class=\"post-outer\">\r\n\r\n\t\t\r\n\t\t\t\t\t<div class=\"post-inner\">\r\n\t\t\t\t<div class=\"post-thumbnail\">\r\n\t\t\t\t\t\r\n\t\t\t\t\t<img loading=\"lazy\" decoding=\"async\" width=\"560\" height=\"420\" src=\"https:\/\/julesdelightfulsimplicity.com\/wp-content\/uploads\/2020\/12\/Monte-Urgull-Blick-auf-Palacio-Miramar-560x420.jpg\" class=\"attachment-csco-560 size-csco-560 wp-post-image\" alt=\"Monte Urgull - Vue du Palacio Miramar\" srcset=\"https:\/\/julesdelightfulsimplicity.com\/wp-content\/uploads\/2020\/12\/Monte-Urgull-Blick-auf-Palacio-Miramar-560x420.jpg 560w, https:\/\/julesdelightfulsimplicity.com\/wp-content\/uploads\/2020\/12\/Monte-Urgull-Blick-auf-Palacio-Miramar-800x600.jpg 800w, https:\/\/julesdelightfulsimplicity.com\/wp-content\/uploads\/2020\/12\/Monte-Urgull-Blick-auf-Palacio-Miramar-1160x870.jpg 1160w, https:\/\/julesdelightfulsimplicity.com\/wp-content\/uploads\/2020\/12\/Monte-Urgull-Blick-auf-Palacio-Miramar-320x240.jpg 320w, https:\/\/julesdelightfulsimplicity.com\/wp-content\/uploads\/2020\/12\/Monte-Urgull-Blick-auf-Palacio-Miramar-1536x1153.jpg 1536w, https:\/\/julesdelightfulsimplicity.com\/wp-content\/uploads\/2020\/12\/Monte-Urgull-Blick-auf-Palacio-Miramar-300x225.jpg 300w, https:\/\/julesdelightfulsimplicity.com\/wp-content\/uploads\/2020\/12\/Monte-Urgull-Blick-auf-Palacio-Miramar-120x90.jpg 120w, https:\/\/julesdelightfulsimplicity.com\/wp-content\/uploads\/2020\/12\/Monte-Urgull-Blick-auf-Palacio-Miramar-90x68.jpg 90w, https:\/\/julesdelightfulsimplicity.com\/wp-content\/uploads\/2020\/12\/Monte-Urgull-Blick-auf-Palacio-Miramar.jpg 1920w\" sizes=\"auto, (max-width: 560px) 100vw, 560px\" \/>\r\n\t\t\t\t\t\t\t\t\t\t\t<div class=\"post-more\">\r\n\t\t\t\t\t\t\t<a href=\"https:\/\/julesdelightfulsimplicity.com\/fr\/carnets-de-voyage\/europe\/espagne\/san-sebastian-coup-de-foudre\/\" class=\"button-link\">\r\n\t\t\t\t\t\t\t\t<span>Lire l&#039;Article<\/span>\r\n\t\t\t\t\t\t\t<\/a>\r\n\t\t\t\t\t\t<\/div>\r\n\t\t\t\t\t\t\r\n\t\t\t\t\t<ul class=\"post-meta\"><\/ul>\r\n\t\t\t\t\t<a href=\"https:\/\/julesdelightfulsimplicity.com\/fr\/carnets-de-voyage\/europe\/espagne\/san-sebastian-coup-de-foudre\/\"><\/a>\r\n\t\t\t\t<\/div>\r\n\t\t\t<\/div>\r\n\t\t\r\n\t\t<div class=\"post-inner\">\r\n\r\n\t\t\t\r\n\t\t\t<header class=\"entry-header\">\r\n\t\t\t\t<div class=\"meta-category\"><ul class=\"post-categories\">\n\t<li><a href=\"https:\/\/julesdelightfulsimplicity.com\/fr\/category\/carnets-de-voyage\/\" rel=\"category tag\">Carnets de voyage<\/a><\/li>\n\t<li><a href=\"https:\/\/julesdelightfulsimplicity.com\/fr\/category\/carnets-de-voyage\/europe\/espagne\/\" rel=\"category tag\">Espagne<\/a><\/li>\n\t<li><a href=\"https:\/\/julesdelightfulsimplicity.com\/fr\/category\/carnets-de-voyage\/europe\/\" rel=\"category tag\">Europe<\/a><\/li>\n\t<li><a href=\"https:\/\/julesdelightfulsimplicity.com\/fr\/category\/nord-de-lespagne\/\" rel=\"category tag\">Nord de l&#8217;Espagne<\/a><\/li>\n\t<li><a href=\"https:\/\/julesdelightfulsimplicity.com\/fr\/category\/voyages-en-ville\/\" rel=\"category tag\">Voyages en ville<\/a><\/li><\/ul><\/div>\r\n\t\t\t\t<h2 class=\"entry-title\"><a href=\"https:\/\/julesdelightfulsimplicity.com\/fr\/carnets-de-voyage\/europe\/espagne\/san-sebastian-coup-de-foudre\/\">San Sebasti\u00e1n\/Donostia \u2013 Coup de foudre<\/a><\/h2>\r\n\r\n\t\t\t\t<ul class=\"post-meta\"><li class=\"meta-author\"><span class=\"author\"><a class=\"url fn n\" href=\"https:\/\/julesdelightfulsimplicity.com\/fr\/author\/j15w\/\" title=\"View all posts by Julia\">Julia<\/a><\/span><\/li><li class=\"meta-date\"><a href=\"https:\/\/julesdelightfulsimplicity.com\/fr\/carnets-de-voyage\/europe\/espagne\/san-sebastian-coup-de-foudre\/\" rel=\"bookmark\">25 janvier 2021<\/a><\/li><\/ul>\t\t\t<\/header>\r\n\r\n\t\t\t\r\n\t\t\t\t\t\t\t\t\t\t<div class=\"post-excerpt\">\r\n\t\t\t\t\t\t\t\tToujours dans l\u2019avion, j\u2019\u00e9tais d\u00e9j\u00e0 submerge par la vue de Donosti depuis les airs. Non seulement de San Sebasti\u00e1n elle-m\u00eame, mais de toute la region environnante. J\u2019ai eu beaucoup de belles vues de fen\u00eatre d\u2019avion: des levers et des couchers de soleil au-dessus des nuages, Paris avec une vue compl\u00e8tement sans nuages, Hy\u00e8res ou les sommets enneig\u00e9s, parfois rudes, parfois charmants des&hellip;\t\t\t\t\t\t\t<\/div>\r\n\t\t\t\t\t\t\t\t\t\t\t\t\t<div class=\"post-more\">\r\n\t\t\t\t\t\t\t\t<div class=\"wp-block-button\">\r\n\t\t<a class=\"wp-block-button__link  button-effect\" href=\"https:\/\/julesdelightfulsimplicity.com\/fr\/carnets-de-voyage\/europe\/espagne\/san-sebastian-coup-de-foudre\/\" target=\"\">\r\n\t\t\t<span>Lire l&#039;Article<\/span>\r\n\t\t\t<span><i class=\"cs-icon cs-icon-arrow-right\"><\/i><\/span>\r\n\t\t<\/a>\r\n\t<\/div>\r\n\t\t\t\t\t\t\t<\/div>\r\n\t\t\t\t\t\t\r\n\t\t<\/div>\r\n\r\n\t\t\r\n\t<\/div>\r\n\r\n<\/article>\r\n<\/div>\t<\/div>\r\n\r\n<\/div>\r\n\t\n\t<\/div>\n<\/div>\n\n\t\t\t<\/div>\n\t\t<\/div>\n\t<\/div>\n\n\t","protected":false},"excerpt":{"rendered":"<p>Nord de l&#8217;Espagne<\/p>\n","protected":false},"author":1,"featured_media":0,"parent":1463,"menu_order":0,"comment_status":"closed","ping_status":"closed","template":"template-canvas-fullwidth.php","meta":{"footnotes":""},"class_list":["post-1516","page","type-page","status-publish"],"yoast_head":"<!-- This site is optimized with the Yoast SEO plugin v27.5 - https:\/\/yoast.com\/product\/yoast-seo-wordpress\/ -->\n<title>Nord de l&#039;Espagne - Julesdelightfulsimplicity<\/title>\n<meta name=\"robots\" content=\"index, follow, max-snippet:-1, max-image-preview:large, max-video-preview:-1\" \/>\n<link rel=\"canonical\" href=\"https:\/\/julesdelightfulsimplicity.com\/fr\/carnets-de-voyage\/europe\/espagne\/nord-espagne\/\" \/>\n<meta property=\"og:locale\" content=\"fr_FR\" \/>\n<meta property=\"og:type\" content=\"article\" \/>\n<meta property=\"og:title\" content=\"Nord de l&#039;Espagne - Julesdelightfulsimplicity\" \/>\n<meta property=\"og:description\" content=\"Nord de l&#8217;Espagne\" \/>\n<meta property=\"og:url\" content=\"https:\/\/julesdelightfulsimplicity.com\/fr\/carnets-de-voyage\/europe\/espagne\/nord-espagne\/\" \/>\n<meta property=\"og:site_name\" content=\"Julesdelightfulsimplicity\" \/>\n<meta property=\"article:modified_time\" content=\"2020-12-22T15:14:07+00:00\" \/>\n<meta name=\"twitter:card\" content=\"summary_large_image\" \/>\n<script type=\"application\/ld+json\" class=\"yoast-schema-graph\">{\"@context\":\"https:\\\/\\\/schema.org\",\"@graph\":[{\"@type\":\"WebPage\",\"@id\":\"https:\\\/\\\/julesdelightfulsimplicity.com\\\/fr\\\/carnets-de-voyage\\\/europe\\\/espagne\\\/nord-espagne\\\/\",\"url\":\"https:\\\/\\\/julesdelightfulsimplicity.com\\\/fr\\\/carnets-de-voyage\\\/europe\\\/espagne\\\/nord-espagne\\\/\",\"name\":\"Nord de l'Espagne - Julesdelightfulsimplicity\",\"isPartOf\":{\"@id\":\"https:\\\/\\\/julesdelightfulsimplicity.com\\\/fr\\\/#website\"},\"datePublished\":\"2019-12-31T11:28:10+00:00\",\"dateModified\":\"2020-12-22T15:14:07+00:00\",\"breadcrumb\":{\"@id\":\"https:\\\/\\\/julesdelightfulsimplicity.com\\\/fr\\\/carnets-de-voyage\\\/europe\\\/espagne\\\/nord-espagne\\\/#breadcrumb\"},\"inLanguage\":\"fr-FR\",\"potentialAction\":[{\"@type\":\"ReadAction\",\"target\":[\"https:\\\/\\\/julesdelightfulsimplicity.com\\\/fr\\\/carnets-de-voyage\\\/europe\\\/espagne\\\/nord-espagne\\\/\"]}]},{\"@type\":\"BreadcrumbList\",\"@id\":\"https:\\\/\\\/julesdelightfulsimplicity.com\\\/fr\\\/carnets-de-voyage\\\/europe\\\/espagne\\\/nord-espagne\\\/#breadcrumb\",\"itemListElement\":[{\"@type\":\"ListItem\",\"position\":1,\"name\":\"Startseite\",\"item\":\"https:\\\/\\\/julesdelightfulsimplicity.com\\\/fr\\\/\"},{\"@type\":\"ListItem\",\"position\":2,\"name\":\"Carnets de voyage\",\"item\":\"https:\\\/\\\/julesdelightfulsimplicity.com\\\/fr\\\/carnets-de-voyage\\\/\"},{\"@type\":\"ListItem\",\"position\":3,\"name\":\"Europe\",\"item\":\"https:\\\/\\\/julesdelightfulsimplicity.com\\\/fr\\\/carnets-de-voyage\\\/europe\\\/\"},{\"@type\":\"ListItem\",\"position\":4,\"name\":\"Espagne\",\"item\":\"https:\\\/\\\/julesdelightfulsimplicity.com\\\/fr\\\/carnets-de-voyage\\\/europe\\\/espagne\\\/\"},{\"@type\":\"ListItem\",\"position\":5,\"name\":\"Nord de l&#8217;Espagne\"}]},{\"@type\":\"WebSite\",\"@id\":\"https:\\\/\\\/julesdelightfulsimplicity.com\\\/fr\\\/#website\",\"url\":\"https:\\\/\\\/julesdelightfulsimplicity.com\\\/fr\\\/\",\"name\":\"Julesdelightfulsimplicity\",\"description\":\"Travel stories &amp; tips from oceans to mountains\",\"potentialAction\":[{\"@type\":\"SearchAction\",\"target\":{\"@type\":\"EntryPoint\",\"urlTemplate\":\"https:\\\/\\\/julesdelightfulsimplicity.com\\\/fr\\\/?s={search_term_string}\"},\"query-input\":{\"@type\":\"PropertyValueSpecification\",\"valueRequired\":true,\"valueName\":\"search_term_string\"}}],\"inLanguage\":\"fr-FR\"}]}<\/script>\n<!-- \/ Yoast SEO plugin. -->","yoast_head_json":{"title":"Nord de l'Espagne - Julesdelightfulsimplicity","robots":{"index":"index","follow":"follow","max-snippet":"max-snippet:-1","max-image-preview":"max-image-preview:large","max-video-preview":"max-video-preview:-1"},"canonical":"https:\/\/julesdelightfulsimplicity.com\/fr\/carnets-de-voyage\/europe\/espagne\/nord-espagne\/","og_locale":"fr_FR","og_type":"article","og_title":"Nord de l'Espagne - Julesdelightfulsimplicity","og_description":"Nord de l&#8217;Espagne","og_url":"https:\/\/julesdelightfulsimplicity.com\/fr\/carnets-de-voyage\/europe\/espagne\/nord-espagne\/","og_site_name":"Julesdelightfulsimplicity","article_modified_time":"2020-12-22T15:14:07+00:00","twitter_card":"summary_large_image","schema":{"@context":"https:\/\/schema.org","@graph":[{"@type":"WebPage","@id":"https:\/\/julesdelightfulsimplicity.com\/fr\/carnets-de-voyage\/europe\/espagne\/nord-espagne\/","url":"https:\/\/julesdelightfulsimplicity.com\/fr\/carnets-de-voyage\/europe\/espagne\/nord-espagne\/","name":"Nord de l'Espagne - Julesdelightfulsimplicity","isPartOf":{"@id":"https:\/\/julesdelightfulsimplicity.com\/fr\/#website"},"datePublished":"2019-12-31T11:28:10+00:00","dateModified":"2020-12-22T15:14:07+00:00","breadcrumb":{"@id":"https:\/\/julesdelightfulsimplicity.com\/fr\/carnets-de-voyage\/europe\/espagne\/nord-espagne\/#breadcrumb"},"inLanguage":"fr-FR","potentialAction":[{"@type":"ReadAction","target":["https:\/\/julesdelightfulsimplicity.com\/fr\/carnets-de-voyage\/europe\/espagne\/nord-espagne\/"]}]},{"@type":"BreadcrumbList","@id":"https:\/\/julesdelightfulsimplicity.com\/fr\/carnets-de-voyage\/europe\/espagne\/nord-espagne\/#breadcrumb","itemListElement":[{"@type":"ListItem","position":1,"name":"Startseite","item":"https:\/\/julesdelightfulsimplicity.com\/fr\/"},{"@type":"ListItem","position":2,"name":"Carnets de voyage","item":"https:\/\/julesdelightfulsimplicity.com\/fr\/carnets-de-voyage\/"},{"@type":"ListItem","position":3,"name":"Europe","item":"https:\/\/julesdelightfulsimplicity.com\/fr\/carnets-de-voyage\/europe\/"},{"@type":"ListItem","position":4,"name":"Espagne","item":"https:\/\/julesdelightfulsimplicity.com\/fr\/carnets-de-voyage\/europe\/espagne\/"},{"@type":"ListItem","position":5,"name":"Nord de l&#8217;Espagne"}]},{"@type":"WebSite","@id":"https:\/\/julesdelightfulsimplicity.com\/fr\/#website","url":"https:\/\/julesdelightfulsimplicity.com\/fr\/","name":"Julesdelightfulsimplicity","description":"Travel stories &amp; tips from oceans to mountains","potentialAction":[{"@type":"SearchAction","target":{"@type":"EntryPoint","urlTemplate":"https:\/\/julesdelightfulsimplicity.com\/fr\/?s={search_term_string}"},"query-input":{"@type":"PropertyValueSpecification","valueRequired":true,"valueName":"search_term_string"}}],"inLanguage":"fr-FR"}]}},"_links":{"self":[{"href":"https:\/\/julesdelightfulsimplicity.com\/fr\/wp-json\/wp\/v2\/pages\/1516","targetHints":{"allow":["GET"]}}],"collection":[{"href":"https:\/\/julesdelightfulsimplicity.com\/fr\/wp-json\/wp\/v2\/pages"}],"about":[{"href":"https:\/\/julesdelightfulsimplicity.com\/fr\/wp-json\/wp\/v2\/types\/page"}],"author":[{"embeddable":true,"href":"https:\/\/julesdelightfulsimplicity.com\/fr\/wp-json\/wp\/v2\/users\/1"}],"replies":[{"embeddable":true,"href":"https:\/\/julesdelightfulsimplicity.com\/fr\/wp-json\/wp\/v2\/comments?post=1516"}],"version-history":[{"count":9,"href":"https:\/\/julesdelightfulsimplicity.com\/fr\/wp-json\/wp\/v2\/pages\/1516\/revisions"}],"predecessor-version":[{"id":1525,"href":"https:\/\/julesdelightfulsimplicity.com\/fr\/wp-json\/wp\/v2\/pages\/1516\/revisions\/1525"}],"up":[{"embeddable":true,"href":"https:\/\/julesdelightfulsimplicity.com\/fr\/wp-json\/wp\/v2\/pages\/1463"}],"wp:attachment":[{"href":"https:\/\/julesdelightfulsimplicity.com\/fr\/wp-json\/wp\/v2\/media?parent=1516"}],"curies":[{"name":"wp","href":"https:\/\/api.w.org\/{rel}","templated":true}]}}